{"id":2434,"date":"2025-06-13T12:13:20","date_gmt":"2025-06-13T09:13:20","guid":{"rendered":"https:\/\/www.drmuratdemirel.com\/?page_id=2434"},"modified":"2025-12-03T11:20:45","modified_gmt":"2025-12-03T08:20:45","slug":"behandlung-der-achillessehnenentzuendung","status":"publish","type":"page","link":"https:\/\/www.drmuratdemirel.com\/de\/fussbehandlungen\/behandlung-der-achillessehnenentzuendung\/","title":{"rendered":"Behandlung der Achillessehnenentz\u00fcndung"},"content":{"rendered":"\n  <div class=\"banner has-hover\" id=\"banner-2127786834\">\n          <div class=\"banner-inner fill\">\n        <div class=\"banner-bg fill\" >\n            <img decoding=\"async\" width=\"1600\" height=\"900\" src=\"https:\/\/www.drmuratdemirel.com\/wp-content\/uploads\/2025\/06\/Asil-Tendiniti.jpg\" class=\"bg attachment-2048x2048 size-2048x2048\" alt=\"\" \/>                                    \n                    <\/div>\n\t\t\n        <div class=\"banner-layers container\">\n            <div class=\"fill banner-link\"><\/div>            \n   <div id=\"text-box-1279589153\" class=\"text-box banner-layer x50 md-x50 lg-x50 y50 md-y50 lg-y50 res-text\">\n                                <div class=\"text-box-content text dark\">\n              \n              <div class=\"text-inner text-center\">\n                  \n              <\/div>\n           <\/div>\n                            \n<style>\n#text-box-1279589153 {\n  width: 60%;\n}\n#text-box-1279589153 .text-box-content {\n  font-size: 100%;\n}\n@media (min-width:550px) {\n  #text-box-1279589153 {\n    width: 60%;\n  }\n}\n<\/style>\n    <\/div>\n \n        <\/div>\n      <\/div>\n\n            \n<style>\n#banner-2127786834 {\n  padding-top: 250px;\n}\n#banner-2127786834 .banner-bg img {\n  object-position: center;\n}\n@media (min-width:550px) {\n  #banner-2127786834 {\n    padding-top: 600px;\n  }\n}\n<\/style>\n  <\/div>\n\n\n\n\t<section class=\"section\" id=\"section_202199696\">\n\t\t<div class=\"section-bg fill\" >\n\t\t\t\t\t\t\t\t\t\n\t\t\t\n\n\t\t<\/div>\n\n\t\t\n\n\t\t<div class=\"section-content relative\">\n\t\t\t\n  <div id=\"page-header-84593250\" class=\"page-header-wrapper\">\n  <div class=\"page-title dark simple-title\">\n\n    \n    <div class=\"page-title-inner container align-center text-center flex-row-col medium-flex-wrap\" >\n              <div class=\"title-wrapper flex-col\">\n          <h1 class=\"entry-title mb-0\">\n            Behandlung der Achillessehnenentz\u00fcndung          <\/h1>\n        <\/div>\n                    <div class=\"title-content flex-col\">\n        <div class=\"title-breadcrumbs pb-half pt-half\"><\/div>      <\/div>\n    <\/div>\n\n       <\/div>\n    <\/div>\n  \n\t\t<\/div>\n\n\t\t\n<style>\n#section_202199696 {\n  padding-top: 0px;\n  padding-bottom: 0px;\n  background-color: #285ebe;\n}\n@media (min-width:550px) {\n  #section_202199696 {\n    padding-top: 10px;\n    padding-bottom: 10px;\n  }\n}\n<\/style>\n\t<\/section>\n\t\n\n\t<section class=\"section\" id=\"section_1898389661\">\n\t\t<div class=\"section-bg fill\" >\n\t\t\t\t\t\t\t\t\t\n\t\t\t\n\n\t\t<\/div>\n\n\t\t\n\n\t\t<div class=\"section-content relative\">\n\t\t\t\n<div class=\"row\"  id=\"row-1202277179\">\n\n\t<div id=\"col-361116118\" class=\"col small-12 large-12\"  >\n\t\t\t\t<div class=\"col-inner\"  >\n\t\t\t\n\t\t\t\n<p>Prof. Dr. Murat Demirel, einer der f\u00fchrenden orthop\u00e4dischen \u00c4rzte f\u00fcr die Behandlung der Achillessehnenentz\u00fcndung in Ankara, zeichnet sich durch seine langj\u00e4hrige Erfahrung in der Behandlung von Entz\u00fcndungen und \u00fcberlastungsbedingten Verletzungen der Achillessehne aus, die die Wadenmuskulatur mit dem Fersenbein verbindet. Achillessehnenentz\u00fcndung entwickelt sich in der Regel infolge intensiver sportlicher Aktivit\u00e4ten, pl\u00f6tzlicher Steigerungen der k\u00f6rperlichen Belastung oder ungeeigneten Schuhwerks. Unbehandelt kann sie zu dauerhaften Sehnensch\u00e4den und einem erh\u00f6hten Rupturrisiko f\u00fchren. Prof. Dr. Demirel bietet in Ankara in fortschrittlichen medizinischen Zentren, die hohe Hygienestandards und moderne Technologie vereinen, individuelle Behandlungspl\u00e4ne an.<\/p>\n<p>Die Behandlung kann Ruhe, medikament\u00f6se Therapie, Physiotherapie, PRP- oder Stammzelleninjektionen und in einigen F\u00e4llen einen operativen Eingriff umfassen. Nach der Behandlung wird der Heilungsprozess durch \u00e4rztliche Anleitung unterst\u00fctzt, um eine schnelle, sichere und dauerhafte Genesung zu gew\u00e4hrleisten. Zudem werden transparente und aktuelle Informationen zu den Behandlungskosten der Achillessehnenentz\u00fcndung in Ankara bereitgestellt, damit Patienten fundierte Entscheidungen treffen k\u00f6nnen. Auch Sie k\u00f6nnen Ihre Schmerzen reduzieren, die Gesundheit Ihrer Sehne sch\u00fctzen und Ihre Beweglichkeit steigern, indem Sie uns kontaktieren und noch heute einen Termin vereinbaren.<\/p>\n\t\t<\/div>\n\t\t\t\t\n<style>\n#col-361116118 > .col-inner {\n  margin: 0px 0px -30px 0px;\n}\n<\/style>\n\t<\/div>\n\n\t\n<\/div>\n\t\t<\/div>\n\n\t\t\n<style>\n#section_1898389661 {\n  padding-top: 30px;\n  padding-bottom: 30px;\n}\n<\/style>\n\t<\/section>\n\t\n\n\t<section class=\"section dark\" id=\"section_187466518\">\n\t\t<div class=\"section-bg fill\" >\n\t\t\t<img decoding=\"async\" width=\"1920\" height=\"1060\" src=\"https:\/\/www.drmuratdemirel.com\/wp-content\/uploads\/2025\/06\/hakkimda-bg.png\" class=\"bg attachment-2048x2048 size-2048x2048\" alt=\"\" \/>\t\t\t\t\t\t\n\t\t\t\n\n\t\t<\/div>\n\n\t\t\n\n\t\t<div class=\"section-content relative\">\n\t\t\t\n\n<div class=\"row align-middle\"  id=\"row-1982590381\">\n\n\n\t<div id=\"col-2017587234\" class=\"col medium-5 small-12 large-5\"  >\n\t\t\t\t<div class=\"col-inner\"  >\n\t\t\t\n\t\t\t\n\n\t<div class=\"img has-hover x md-x lg-x y md-y lg-y\" id=\"image_77381707\">\n\t\t\t\t\t\t\t\t<div class=\"img-inner dark\" >\n\t\t\t<img decoding=\"async\" width=\"661\" height=\"855\" src=\"https:\/\/www.drmuratdemirel.com\/wp-content\/uploads\/2025\/06\/muratdemirel-hakkimda-1-1.webp\" class=\"attachment-2048x2048 size-2048x2048\" alt=\"\" srcset=\"https:\/\/www.drmuratdemirel.com\/wp-content\/uploads\/2025\/06\/muratdemirel-hakkimda-1-1.webp 661w, https:\/\/www.drmuratdemirel.com\/wp-content\/uploads\/2025\/06\/muratdemirel-hakkimda-1-1-309x400.webp 309w, https:\/\/www.drmuratdemirel.com\/wp-content\/uploads\/2025\/06\/muratdemirel-hakkimda-1-1-618x800.webp 618w\" sizes=\"(max-width: 661px) 100vw, 661px\" \/>\t\t\t\t\t\t\n\t\t\t\t\t<\/div>\n\t\t\t\t\t\t\t\t\n<style>\n#image_77381707 {\n  width: 100%;\n}\n<\/style>\n\t<\/div>\n\t\n\n\n\t\t<\/div>\n\t\t\t\t\n<style>\n#col-2017587234 > .col-inner {\n  margin: 0px 0px 60px 0px;\n}\n@media (min-width:550px) {\n  #col-2017587234 > .col-inner {\n    margin: 0px 0px 0px 0px;\n  }\n}\n<\/style>\n\t<\/div>\n\n\t\n\n\t<div id=\"col-49980896\" class=\"col medium-7 small-12 large-7\"  >\n\t\t\t\t<div class=\"col-inner\"  >\n\t\t\t\n\t\t\t\n\n<p><span style=\"font-size: 170%;\"><strong>Prof. Dr. <\/strong><\/span><span style=\"font-size: 200%;\"><strong>Murat Demirel<\/strong><\/span><br \/><span style=\"font-size: 75%;\"><em>Facharzt f\u00fcr Orthop\u00e4die und Traumatologie<\/em><\/span><\/p>\n<p>Orthop\u00e4die-Spezialist Prof. Dr. Murat Demirel wurde 1974 in Ankara geboren. Er absolvierte seine Grundschulausbildung an der Ankara Kavakl\u0131dere Grundschule und seine weiterf\u00fchrende Ausbildung an der Ankara Atat\u00fcrk Anatolian High School. Dr. Demirel schloss sein Medizinstudium an der Medizinischen Fakult\u00e4t der Universit\u00e4t Ankara im Jahr 1998 ab und absolvierte seine Facharztausbildung in Orthop\u00e4die und Traumatologie im Jahr 2004 an der 1. Orthop\u00e4die- und Traumatologieklinik des Ankara Numune Ausbildungs- und Forschungskrankenhauses.<\/p>\n<p><span style=\"font-size: 110%;\"><strong>Promotion<\/strong><\/span><br \/>Institut f\u00fcr Gesundheitswissenschaften der Universit\u00e4t Ankara<\/p>\n<p><span style=\"font-size: 110%;\"><strong>Facharztausbildung<\/strong><\/span><br \/>Ankara Numune Ausbildungs- und Forschungskrankenhaus, 1. Orthop\u00e4dieklinik<\/p>\n<p><span style=\"font-size: 110%;\"><strong>Medizinische Ausbildung<\/strong><\/span><br \/>Medizinische Fakult\u00e4t der Universit\u00e4t Ankara<\/p>\n<a href=\"https:\/\/www.drmuratdemirel.com\/de\/ueber-uns\/\" class=\"button white is-outline\"  style=\"border-radius:10px;padding:10px 10px 10px 10px;\">\n\t\t<span>\u00dcber mich<\/span>\n\t<\/a>\n\n\n<a href=\"https:\/\/api.whatsapp.com\/send\/?phone=905304151895&#038;text&#038;type=phone_number&#038;app_absent=0\" class=\"button white\" style=\"border-radius:10px;padding:10px 10px 10px 10px;\" target=\"_blank\" rel=\"noopener\">\n\t\t<span>WhatsApp Kontakt<\/span>\n\t<\/a>\n\n\n\n\t\t<\/div>\n\t\t\t\t\t<\/div>\n\n\t\n\n<\/div>\n\n\t\t<\/div>\n\n\t\t\n<style>\n#section_187466518 {\n  padding-top: 30px;\n  padding-bottom: 30px;\n}\n#section_187466518 .section-bg img {\n  object-position: 63% 100%;\n}\n<\/style>\n\t<\/section>\n\t\n\n\t<section class=\"section\" id=\"section_829419341\">\n\t\t<div class=\"section-bg fill\" >\n\t\t\t\t\t\t\t\t\t\n\t\t\t\n\n\t\t<\/div>\n\n\t\t\n\n\t\t<div class=\"section-content relative\">\n\t\t\t\n<div class=\"row\"  id=\"row-1519921419\">\n\n\t<div id=\"col-737940622\" class=\"col small-12 large-12\"  >\n\t\t\t\t<div class=\"col-inner\"  >\n\t\t\t\n\t\t\t\n<h2>Welcher lebenswichtige Teil unseres K\u00f6rpers wird bei einer Achillessehnenentz\u00fcndung beeintr\u00e4chtigt?<\/h2>\n<p>Wie der Name schon vermuten l\u00e4sst, zielt die Achillessehnenentz\u00fcndung direkt auf die Achillessehne ab. Doch warum ist diese Sehne so wichtig? Man kann sie sich so vorstellen: Die kr\u00e4ftigen Muskeln auf der R\u00fcckseite Ihrer Wade, der Musculus gastrocnemius und der Musculus soleus, sind wie ein Motor. Um die von diesem Motor erzeugte Kraft auf die R\u00e4der (Ihre F\u00fc\u00dfe) zu \u00fcbertragen, ist eine Welle erforderlich. Die Achillessehne fungiert als diese Welle \u2013 das dickste, st\u00e4rkste und widerstandsf\u00e4higste \u201eSeil\u201c in unserem K\u00f6rper. Diese etwa 15 cm lange Struktur \u00fcbertr\u00e4gt die Kraft der Wadenmuskulatur auf das Fersenbein (Calcaneus) und erm\u00f6glicht es uns, zu gehen, zu laufen, zu springen, auf den Zehenspitzen zu stehen und sogar beim Autofahren die Pedale zu bet\u00e4tigen. Kurz gesagt: Fast jede Bewegung, die wir auf den F\u00fc\u00dfen ausf\u00fchren, h\u00e4ngt von der einwandfreien Funktion der Achillessehne ab.<\/p>\n<p>Obwohl sie die st\u00e4rkste Sehne im K\u00f6rper ist, geh\u00f6rt die Achillessehne paradoxerweise auch zu den am h\u00e4ufigsten verletzten. Das liegt an den enormen Belastungen, denen sie im Alltag und insbesondere beim Sport ausgesetzt ist. Beim Gehen tr\u00e4gt sie etwa das 3\u20134-Fache unseres K\u00f6rpergewichts, beim Laufen steigt dies sogar auf das 7\u20138-Fache. Mit der Zeit kann diese Belastung ihre Kapazit\u00e4t \u00fcberschreiten. Wenn die F\u00e4higkeit der Sehne zur Selbstreparatur hinter der Geschwindigkeit der Sch\u00e4digung zur\u00fcckbleibt, entwickelt sich eine Achillessehnenentz\u00fcndung. Dieser Zustand kann nicht nur eine Entz\u00fcndung (Tendinitis), sondern auch mikroskopisch kleine Risse und Gewebedegeneration (Tendinopathie oder Tendinose) umfassen. Diese Unterscheidung ist bei der Behandlungsplanung besonders wichtig, da in chronischen F\u00e4llen nicht nur die Entz\u00fcndung reduziert, sondern auch das gesch\u00e4digte Gewebe wieder aufgebaut werden muss.<\/p>\n<h2>Kann eine Achillessehnenentz\u00fcndung verschiedene Bereiche meines K\u00f6rpers betreffen?<\/h2>\n<p>Ja, Achillessehnenentz\u00fcndung kann sich je nach betroffener Sehnenregion in zwei Hauptformen \u00e4u\u00dfern. Die Kenntnis dieser Typen hilft uns, die Schmerzquelle besser zu verstehen und die f\u00fcr Sie geeignetste Behandlung auszuw\u00e4hlen.<\/p>\n<p>Nicht-insertionale Achillessehnenentz\u00fcndung: Diese Form tritt im mittleren Abschnitt der Sehne auf, etwa 2\u20136 cm oberhalb ihres Ansatzes am Fersenbein. Man kann sie mit Abnutzung und Reibung in der Mitte eines dicken Seils vergleichen. Mikroskopische Sch\u00e4den der Fasern f\u00fchren zu einer Verdickung und Schwellung der Sehne. Sie wird h\u00e4ufig bei j\u00fcngeren, aktiven Personen, insbesondere bei L\u00e4ufern, beobachtet und steht in engem Zusammenhang mit der Intensit\u00e4t der k\u00f6rperlichen Aktivit\u00e4t.<\/p>\n<p>Insertionale Achillessehnenentz\u00fcndung: Diese Form tritt an der Stelle auf, an der die Sehne am Fersenbein ansetzt (Insertion). Das Problem betrifft hier nicht nur die Sehne selbst, sondern auch zus\u00e4tzliche Ver\u00e4nderungen in diesem Bereich. Mit der Zeit k\u00f6nnen sich die Sehnenfasern verkalken (verh\u00e4rten), und es k\u00f6nnen sich als Abwehrmechanismus Knochensporne (Fersensporn oder Haglund-Deformit\u00e4t) entwickeln. Diese Sporne f\u00fchren zu st\u00e4ndiger Reibung und Reizung zwischen Sehne und Schuhr\u00fcckseite. Diese Form kann Menschen aller Alters- und Aktivit\u00e4tsstufen betreffen und ist h\u00e4ufig mit zugrunde liegenden anatomischen oder biomechanischen Problemen wie verk\u00fcrzten Wadenmuskeln verbunden.<\/p>\n<h2>Welche Warnsignale sendet mir mein K\u00f6rper bei Achillessehnenentz\u00fcndung?<\/h2>\n<p>Achillessehnenentz\u00fcndung entwickelt sich meist allm\u00e4hlich, und die Beschwerden nehmen mit der Zeit zu. Das Erkennen dieser fr\u00fchen Warnsignale ist entscheidend, um ein Fortschreiten der Erkrankung zu verhindern. Zu den h\u00e4ufigsten Symptomen geh\u00f6ren:<\/p>\n<ul>\n<li aria-level=\"1\">Schmerzen<\/li>\n<li aria-level=\"1\">Morgensteifigkeit<\/li>\n<li aria-level=\"1\">Druckempfindlichkeit<\/li>\n<li aria-level=\"1\">Schwellung<\/li>\n<li aria-level=\"1\">Verdickung<\/li>\n<li aria-level=\"1\">Schw\u00e4che<\/li>\n<li aria-level=\"1\">Reibeger\u00e4usche (Krepitation) oder ein Reibungsgef\u00fchl<\/li>\n<\/ul>\n<p>Das wichtigste Symptom sind Schmerzen, die h\u00e4ufig zun\u00e4chst als leichtes Ziehen auftreten, insbesondere nach Aktivit\u00e4ten wie Laufen oder Springen. Mit Fortschreiten der Erkrankung werden die Schmerzen sch\u00e4rfer, brennend oder pochend und k\u00f6nnen sogar in Ruhe bestehen bleiben. Viele Patienten berichten \u00fcber starke Schmerzen bei den ersten Schritten am Morgen oder nach l\u00e4ngerem Sitzen. Dieser \u201eAnlaufschmerz\u201c zeigt an, dass die Sehne in Ruhe steif wird und sich mit Bewegung allm\u00e4hlich lockert. Sichtbare Schwellung, Druckschmerz und manchmal ein tastbarer Knochensporn, insbesondere bei der insertionalen Form, k\u00f6nnen ebenfalls vorhanden sein.<\/p>\n<h2>Welche Faktoren beg\u00fcnstigen die Entwicklung einer Achillessehnenentz\u00fcndung?<\/h2>\n<p>Achillessehnenentz\u00fcndung entsteht selten durch eine einzige Ursache. In der Regel ist sie das Ergebnis einer Kombination von Risikofaktoren, die die Belastbarkeit der Sehne \u00fcbersteigen \u2013 \u00e4hnlich dem \u201eletzten Tropfen, der das Fass zum \u00dcberlaufen bringt\u201c. Diese Risikofaktoren lassen sich in intrinsische (k\u00f6rperbezogene) und extrinsische (umwelt- und verhaltensbezogene) Faktoren einteilen.<\/p>\n<p>Zu den wichtigsten Risikofaktoren f\u00fcr Achillessehnenentz\u00fcndung geh\u00f6ren:<\/p>\n<ul>\n<li aria-level=\"1\">Pl\u00f6tzliche Ver\u00e4nderungen im Trainingsumfang<\/li>\n<li aria-level=\"1\">Ungeeignetes oder abgenutztes Schuhwerk<\/li>\n<li aria-level=\"1\">Harte oder unebene Untergr\u00fcnde<\/li>\n<li aria-level=\"1\">Unzureichendes Aufw\u00e4rmen und Dehnen<\/li>\n<li aria-level=\"1\">Fortgeschrittenes Alter<\/li>\n<li aria-level=\"1\">\u00dcbergewicht<\/li>\n<li aria-level=\"1\">Fu\u00dfdeformit\u00e4ten<\/li>\n<li aria-level=\"1\">Verk\u00fcrzte oder schwache Wadenmuskulatur<\/li>\n<li aria-level=\"1\">Bestimmte systemische Erkrankungen<\/li>\n<li aria-level=\"1\">Einnahme bestimmter Medikamente<\/li>\n<\/ul>\n<p>Unter den extrinsischen Faktoren sind Trainingsfehler am bedeutendsten. Eine pl\u00f6tzliche Steigerung von Laufdistanz, Geschwindigkeit oder Trainingsh\u00e4ufigkeit (\u201etoo much, too soon\u201c-Syndrom) gibt der Sehne keine Zeit zur Anpassung und ist der gr\u00f6\u00dfte Ausl\u00f6ser. Das Tragen alter Schuhe mit abgenutzter D\u00e4mpfung oder von Schuhen, die f\u00fcr die jeweilige Aktivit\u00e4t ungeeignet sind, erh\u00f6ht das Risiko zus\u00e4tzlich. Zu den intrinsischen Faktoren geh\u00f6rt das Alter, da Sehnen mit der Zeit an Elastizit\u00e4t und Durchblutung verlieren und dadurch verletzungsanf\u00e4lliger werden. Fu\u00dfdeformit\u00e4ten wie Plattfu\u00df oder Hohlfu\u00df st\u00f6ren das biomechanische Gleichgewicht und erh\u00f6hen die Belastung der Achillessehne. \u00dcbergewicht steigert bei jedem Schritt die Last auf die Sehne, w\u00e4hrend verk\u00fcrzte Wadenmuskeln permanent an der Sehne ziehen. Schlie\u00dflich ist wissenschaftlich belegt, dass bestimmte systemische Erkrankungen, wie beispielsweise Psoriasis, und Medikamente wie Fluorchinolon-Antibiotika das Risiko f\u00fcr Achillessehnenentz\u00fcndung erh\u00f6hen.<\/p>\n\t\t<\/div>\n\t\t\t\t\n<style>\n#col-737940622 > .col-inner {\n  margin: 0px 0px -30px 0px;\n}\n<\/style>\n\t<\/div>\n\n\t\n<\/div>\n\t\t<\/div>\n\n\t\t\n<style>\n#section_829419341 {\n  padding-top: 10px;\n  padding-bottom: 10px;\n}\n<\/style>\n\t<\/section>\n\t\n\n\t<section class=\"section dark\" id=\"section_796682899\">\n\t\t<div class=\"section-bg fill\" >\n\t\t\t\t\t\t\t\t\t\n\t\t\t\n\n\t\t<\/div>\n\n\t\t\n\n\t\t<div class=\"section-content relative\">\n\t\t\t\r\n\r\n\t<div id=\"gap-2089105860\" class=\"gap-element clearfix hide-for-medium\" style=\"display:block; height:auto;\">\n\t\t\n<style>\n#gap-2089105860 {\n  padding-top: 10px;\n}\n<\/style>\n\t<\/div>\n\t\r\n\r\n<div class=\"row align-middle\"  id=\"row-1304738705\">\r\n\r\n\n\t<div id=\"col-2041533858\" class=\"col medium-12 small-12 large-8\"  >\n\t\t\t\t<div class=\"col-inner\"  >\n\t\t\t\n\t\t\t\r\n\r\n\t<div id=\"text-2301357773\" class=\"text\">\n\t\t\r\n\r\n<p><span style=\"font-size: 75%;\"><strong>Kontaktieren Sie uns f\u00fcr detaillierte Informationen und einen Termin!<\/strong><\/span><\/p>\r\n\t\t\n<style>\n#text-2301357773 {\n  font-size: 1.25rem;\n  text-align: center;\n}\n@media (min-width:850px) {\n  #text-2301357773 {\n    font-size: 1.6rem;\n    text-align: left;\n  }\n}\n<\/style>\n\t<\/div>\n\t\r\n\r\n\t\t<\/div>\n\t\t\t\t\n<style>\n#col-2041533858 > .col-inner {\n  padding: 20px 0px 0px 0px;\n  margin: 0px 0px -40px 0px;\n}\n@media (min-width:550px) {\n  #col-2041533858 > .col-inner {\n    padding: 0px 0px 0px 0px;\n  }\n}\n<\/style>\n\t<\/div>\n\n\t\r\n\n\t<div id=\"col-1148135567\" class=\"col medium-4 small-12 large-4\"  >\n\t\t\t\t<div class=\"col-inner text-center\"  >\n\t\t\t\n\t\t\t\r\n\r\n<a href=\"https:\/\/api.whatsapp.com\/send?phone=905304151895\" class=\"button success is-shade is-small box-shadow-5\" style=\"border-radius:10px;padding:5px 20px 5px 20px;\" target=\"_blank\" rel=\"noopener\">\n\t\t<span>Kontakt \u00fcber WhatsApp<\/span>\n\t<i class=\"icon-whatsapp\" aria-hidden=\"true\" ><\/i><\/a>\n\r\n\r\n\t\t<\/div>\n\t\t\t\t\n<style>\n#col-1148135567 > .col-inner {\n  margin: 0px 0px -30px 0px;\n}\n<\/style>\n\t<\/div>\n\n\t\r\n\r\n<\/div>\r\n\r\n\t\t<\/div>\n\n\t\t\n<style>\n#section_796682899 {\n  padding-top: 0px;\n  padding-bottom: 0px;\n  background-color: #285ebe;\n}\n<\/style>\n\t<\/section>\n\t\r\n\n\n\t<section class=\"section\" id=\"section_1055227856\">\n\t\t<div class=\"section-bg fill\" >\n\t\t\t\t\t\t\t\t\t\n\t\t\t\n\n\t\t<\/div>\n\n\t\t\n\n\t\t<div class=\"section-content relative\">\n\t\t\t\n<div class=\"row\"  id=\"row-1996458310\">\n\n\t<div id=\"col-1164201055\" class=\"col small-12 large-12\"  >\n\t\t\t\t<div class=\"col-inner\"  >\n\t\t\t\n\t\t\t\n<h2>Welche Methoden werden zur Diagnose der Achillessehnenentz\u00fcndung eingesetzt?<\/h2>\n<p>Der erste und wichtigste Schritt auf dem Weg zu einem wirksamen Behandlungsplan bei Achillessehnenentz\u00fcndung ist die richtige Diagnose. Die Diagnose st\u00fctzt sich in hohem Ma\u00dfe auf die Krankengeschichte des Patienten und eine gr\u00fcndliche k\u00f6rperliche Untersuchung. Bildgebende Verfahren werden eingesetzt, um die Diagnose zu best\u00e4tigen, das Ausma\u00df der Sch\u00e4digung zu bestimmen und andere m\u00f6gliche Erkrankungen mit \u00e4hnlichen Symptomen auszuschlie\u00dfen.<\/p>\n<p>Wenn Sie einen Spezialisten aufsuchen, umfasst der diagnostische Prozess in der Regel folgende Schritte:<\/p>\n<ul>\n<li aria-level=\"1\">Ausf\u00fchrliche Erhebung der Krankengeschichte<\/li>\n<li aria-level=\"1\">Durchf\u00fchrung einer umfassenden k\u00f6rperlichen Untersuchung<\/li>\n<li aria-level=\"1\">Einsatz bildgebender Verfahren bei Bedarf<\/li>\n<\/ul>\n<p>Der Prozess beginnt mit einem ausf\u00fchrlichen Gespr\u00e4ch dar\u00fcber, wann und wie die Schmerzen begonnen haben, welche Bewegungen sie verst\u00e4rken oder lindern, Ihren sportlichen Hintergrund, Ihr Schuhwerk, fr\u00fchere Erkrankungen und eingenommene Medikamente. Diese Informationen liefern wichtige Hinweise auf die Ursache des Problems. Anschlie\u00dfend erfolgt eine k\u00f6rperliche Untersuchung. Die Achillessehne und ihr Ansatz am Fersenbein werden auf Druckschmerz, Schwellung, Erw\u00e4rmung und Verdickung untersucht. Der Bewegungsumfang des Sprunggelenks, insbesondere die Dorsalflexion (Anheben des Fu\u00dfes nach oben), wird beurteilt. Eine eingeschr\u00e4nkte Dorsalflexion weist h\u00e4ufig auf verk\u00fcrzte Wadenmuskeln hin. Spezielle Tests wie der Thompson-Test k\u00f6nnen ebenfalls eingesetzt werden, um eine komplette Ruptur auszuschlie\u00dfen.<\/p>\n<p>Obwohl die klinische Beurteilung oft ausreichend ist, k\u00f6nnen gelegentlich bildgebende Untersuchungen erforderlich sein:<\/p>\n<p>R\u00f6ntgen: Hilfreich zur Beurteilung der Knochenstrukturen, zum Nachweis von Verkalkungen oder Knochenspornen im Zusammenhang mit insertionaler Tendinitis.<\/p>\n<p>Ultraschall (Sonographie): Eine schnelle und praktische Methode, bei der mithilfe von Schallwellen die Sehne in Echtzeit dargestellt wird. Verdickung, Fl\u00fcssigkeitsansammlungen, Degeneration und partielle Risse k\u00f6nnen klar erkannt werden.<\/p>\n<p>Magnetresonanztomographie (MRT): Das detaillierteste Verfahren zur Beurteilung von Weichteilen. Es zeigt Schweregrad und Ausdehnung der Sehnensch\u00e4digung in drei Dimensionen. MRT ist besonders wertvoll, wenn die Diagnose unklar ist oder eine operative Planung erforderlich wird.<\/p>\n<h2>Welche schweren Folgen kann eine unbehandelte Achillessehnenentz\u00fcndung haben?<\/h2>\n<p>Anf\u00e4nglich mag Achillessehnenentz\u00fcndung lediglich wie ein l\u00e4stiger Schmerz erscheinen, doch sie mit dem Gedanken \u201edas geht schon vorbei\u201c zu ignorieren, kann zu schwerwiegenden Langzeitproblemen f\u00fchren. Dies ist vergleichbar mit einem Seil, das sich allm\u00e4hlich abnutzt, bis es schlie\u00dflich rei\u00dft.<\/p>\n<p>M\u00f6gliche Komplikationen einer unbehandelten Achillessehnenentz\u00fcndung sind:<\/p>\n<ul>\n<li aria-level=\"1\">Chronische Schmerzen<\/li>\n<li aria-level=\"1\">Achillessehnentendinose (Degeneration des Sehnengewebes)<\/li>\n<li aria-level=\"1\">Achillessehnenruptur (teilweiser oder vollst\u00e4ndiger Riss)<\/li>\n<\/ul>\n<p>Schmerzen, die zun\u00e4chst nur bei Belastung auftreten, k\u00f6nnen sich zu anhaltenden Beschwerden entwickeln, die sogar in Ruhe bestehen bleiben. Chronische Schmerzen k\u00f6nnen allt\u00e4gliche Aktivit\u00e4ten wie Gehen oder Treppensteigen erheblich beeintr\u00e4chtigen und die Lebensqualit\u00e4t deutlich mindern. Andauernde Mikroverletzungen k\u00f6nnen zudem zu einer dauerhaften strukturellen Degeneration der Sehne f\u00fchren. \u00c4hnlich wie sich eine akute Tendinitis (akute Entz\u00fcndung) in eine Tendinose (Degeneration) entwickeln kann, wird die Sehne dicker, verliert an Elastizit\u00e4t und erscheint in ihrer Struktur krankhaft ver\u00e4ndert. In diesem Stadium besteht das Problem nicht mehr nur in der Entz\u00fcndung, sondern in einer tats\u00e4chlichen strukturellen Schw\u00e4chung des Gewebes.<\/p>\n<p>Die gef\u00fcrchtetste Komplikation ist die Achillessehnenruptur. Eine geschw\u00e4chte, degenerierte Sehne kann bei einer allt\u00e4glichen Bewegung wie dem Anlaufen, Springen oder Stolpern pl\u00f6tzlich rei\u00dfen \u2013 oft begleitet von einem \u201eKnall\u201c-Ger\u00e4usch. Die Achillessehnenruptur ist eine schwerwiegende Verletzung, die eine sofortige medizinische Versorgung erfordert und sich durch heftige Schmerzen, eine tastbare L\u00fccke an der R\u00fcckseite des Unterschenkels und eine Unf\u00e4higkeit, den Fu\u00df nach unten zu dr\u00fccken, \u00e4u\u00dfert. Die Behandlung ist meist operativ, und die Genesung kann Monate dauern. Daher sollten Symptome einer Achillessehnenentz\u00fcndung niemals ignoriert, sondern fr\u00fchzeitig von einem Spezialisten behandelt werden, um derart schwerwiegenden Komplikationen vorzubeugen.<\/p>\n<h2>Wie heilt eine Achillessehnenentz\u00fcndung und welche nicht-operativen Behandlungsm\u00f6glichkeiten gibt es?<\/h2>\n<p>Die gute Nachricht ist, dass die meisten Patienten mit Achillessehnenentz\u00fcndung ohne Operation auskommen. Konservative Behandlungsmethoden sind in der Regel sehr effektiv. Die Ziele sind, Schmerzen und Entz\u00fcndung zu kontrollieren, der Sehne Zeit zur Heilung zu geben, die Geweberegeneration anzuregen und die Kraft wiederherzustellen. Die Behandlung wird entsprechend dem Schweregrad, Typ und der Dauer der Erkrankung individuell angepasst und umfasst meist eine Kombination verschiedener Ans\u00e4tze.<\/p>\n<p>Zu den wichtigsten nicht-operativen Behandlungsmethoden geh\u00f6ren:<\/p>\n<ul>\n<li aria-level=\"1\">Anpassung der Aktivit\u00e4t und Ruhe<\/li>\n<li aria-level=\"1\">K\u00e4lteanwendung<\/li>\n<li aria-level=\"1\">Kompression (Bandage) und Hochlagerung<\/li>\n<li aria-level=\"1\">Medikament\u00f6se Behandlung<\/li>\n<li aria-level=\"1\">Physiotherapie und \u00dcbungen<\/li>\n<li aria-level=\"1\">Hilfsmittel (Orthesen, Fersenkeile, Nachtschienen)<\/li>\n<li aria-level=\"1\">Extrakorporale Sto\u00dfwellentherapie (ESWT)<\/li>\n<li aria-level=\"1\">Injektionstherapien (z. B. PRP)<\/li>\n<\/ul>\n<p>Der erste Schritt besteht darin, die Belastung der Sehne zu reduzieren, indem Aktivit\u00e4ten wie Laufen und Springen pausiert und durch gelenkschonende Sportarten wie Schwimmen oder Radfahren ersetzt werden. In der akuten Phase helfen K\u00e4lteanwendungen f\u00fcr 15\u201320 Minuten, das Anlegen eines elastischen Verbandes und das Hochlagern des Beins \u00fcber Herzh\u00f6he (RICE-Protokoll), um Schmerzen und Schwellungen zu verringern. Kurzfristig eingesetzte nichtsteroidale Antirheumatika (NSAR) wie Ibuprofen oder Naproxen k\u00f6nnen die Symptome lindern, heilen die Erkrankung jedoch nicht.<\/p>\n<p>Das Kernst\u00fcck der Behandlung ist die Physiotherapie mit einem strukturierten \u00dcbungsprogramm. Dehn\u00fcbungen f\u00fcr die Wadenmuskulatur l\u00f6sen Spannungen, w\u00e4hrend Kr\u00e4ftigungs\u00fcbungen \u2013 insbesondere exzentrische \u00dcbungen (z. B. langsames Absenken der Fersen von einer Stufe) \u2013 die Sehnenstruktur umbauen und ihre Belastbarkeit erh\u00f6hen. Fersenkeile oder individuell angepasste Einlagen k\u00f6nnen ebenfalls zur Entlastung der Sehne beitragen. Bei hartn\u00e4ckigen F\u00e4llen, die auf konservative Ma\u00dfnahmen nicht ansprechen, k\u00f6nnen ESWT oder PRP-Injektionen in Betracht gezogen werden.<\/p>\n<h2>Warum ist Physiotherapie bei der Behandlung der Achillessehnenentz\u00fcndung so entscheidend?<\/h2>\n<p>Wenn man die Behandlung der Achillessehnenentz\u00fcndung mit dem Bau eines Hauses vergleicht, dann sind Physiotherapie und \u00dcbungen das Fundament und die tragenden S\u00e4ulen. W\u00e4hrend andere Methoden die Symptome vor\u00fcbergehend lindern, liegt der Schl\u00fcssel zu einer langfristigen Besserung und zur Vorbeugung von R\u00fcckf\u00e4llen in einem richtigen \u00dcbungsprogramm. Ziel der Physiotherapie ist es nicht nur, Schmerzen zu reduzieren, sondern die eigentliche Ursache des Problems zu behandeln.<\/p>\n<p>Die wichtigsten Ziele eines physiotherapeutischen Programms sind:<\/p>\n<ul>\n<li aria-level=\"1\">Kontrolle von Schmerzen und Entz\u00fcndung<\/li>\n<li aria-level=\"1\">Steigerung der Flexibilit\u00e4t<\/li>\n<li aria-level=\"1\">Wiederherstellung der Muskelkraft<\/li>\n<li aria-level=\"1\">Verbesserung der Belastungstoleranz der Sehne<\/li>\n<li aria-level=\"1\">Korrektur biomechanischer Ungleichgewichte<\/li>\n<li aria-level=\"1\">Vorbeugung zuk\u00fcnftiger Verletzungen<\/li>\n<\/ul>\n<p>Zu Beginn der Behandlung k\u00f6nnen schmerzlindernde Verfahren eingesetzt werden. Der eigentliche Fortschritt wird jedoch durch \u00dcbungen erzielt. Das Dehnen verk\u00fcrzter Wadenmuskeln ist entscheidend, da diese dauerhaft an der Sehne ziehen. Der wichtigste Teil des Programms sind exzentrische Kr\u00e4ftigungs\u00fcbungen, bei denen der Muskel unter Verl\u00e4ngerung arbeitet (z. B. langsames Absenken der Fersen von einer Treppenstufe). Studien zeigen, dass diese \u00dcbungen den Umbau der Sehne anregen, die Bildung gesunden Kollagens f\u00f6rdern und die Widerstandsf\u00e4higkeit der Sehne erh\u00f6hen. Diese \u00dcbungen sollten von einem Physiotherapeuten vermittelt und schrittweise gesteigert werden. Ebenso wichtig ist es, nicht nur die Wadenmuskulatur, sondern auch die H\u00fcft- und Rumpfmuskulatur zu kr\u00e4ftigen, um die gesamte Muskelkette zu unterst\u00fctzen.<\/p>\n<h2>Wann und f\u00fcr wen ist eine Operation bei Achillessehnenentz\u00fcndung notwendig?<\/h2>\n<p>Eine Operation bei Achillessehnenentz\u00fcndung wird als letzte Option in Betracht gezogen. Die meisten Patienten sprechen gut auf konservative Behandlungen an, doch in einigen F\u00e4llen l\u00e4sst sich ein Eingriff nicht vermeiden. Die Entscheidung wird erst nach sorgf\u00e4ltiger Bewertung und nach Aussch\u00f6pfung aller anderen M\u00f6glichkeiten getroffen.<\/p>\n<p>Eine Operation kann in Betracht gezogen werden, wenn:<\/p>\n<ul>\n<li aria-level=\"1\">nach mindestens 6 Monaten umfassender konservativer Behandlung keine Besserung eintritt<\/li>\n<li aria-level=\"1\">anhaltende Schmerzen die Lebensqualit\u00e4t deutlich einschr\u00e4nken<\/li>\n<li aria-level=\"1\">eine ausgepr\u00e4gte strukturelle Sch\u00e4digung der Sehne vorliegt<\/li>\n<li aria-level=\"1\">eine vollst\u00e4ndige Achillessehnenruptur besteht<\/li>\n<\/ul>\n<p>Wenn nach mindestens 6 Monaten mit Ruhe, Medikamenten, Physiotherapie, orthop\u00e4dischen Hilfsmitteln und anderen nicht-operativen Ma\u00dfnahmen keine deutliche Besserung erreicht wird, wird \u00fcber eine Operation nachgedacht. Art und Umfang des Eingriffs h\u00e4ngen von der Form der Tendinitis (insertional oder nicht-insertional), vom Ausma\u00df der Sehnensch\u00e4digung und vom Vorhandensein von Knochenspornen ab.<\/p>\n<p>Debridement und Rekonstruktion: Krankhaft ver\u00e4ndertes und degeneriertes Gewebe wird entfernt, und gesundes Sehnengewebe wird rekonstruiert.<\/p>\n<p>Calcaneoplastik: Bei insertionaler Tendinitis werden Knochensporne, die die Sehne reizen, operativ abgetragen.<\/p>\n<p>Sehnentransfer: Bei ausgedehnten Sch\u00e4den kann zur Verst\u00e4rkung der Achillessehne eine andere Sehne (meist die Sehne des Musculus flexor hallucis longus) \u00fcbertragen werden.<\/p>\n<p>Gastrocnemius-Rezession: Wenn eine verk\u00fcrzte Wadenmuskulatur die Ursache ist, kann diese Muskelgruppe operativ verl\u00e4ngert werden, um die Sehne zu entlasten.<\/p>\n\t\t<\/div>\n\t\t\t\t\n<style>\n#col-1164201055 > .col-inner {\n  margin: 0px 0px -30px 0px;\n}\n<\/style>\n\t<\/div>\n\n\t\n<\/div>\n\t\t<\/div>\n\n\t\t\n<style>\n#section_1055227856 {\n  padding-top: 10px;\n  padding-bottom: 10px;\n}\n<\/style>\n\t<\/section>\n\t\n\n\t<section class=\"section dark\" id=\"section_722636766\">\n\t\t<div class=\"section-bg fill\" >\n\t\t\t\t\t\t\t\t\t\n\t\t\t\n\n\t\t<\/div>\n\n\t\t\n\n\t\t<div class=\"section-content relative\">\n\t\t\t\r\n\r\n\t<div id=\"gap-721230506\" class=\"gap-element clearfix hide-for-medium\" style=\"display:block; height:auto;\">\n\t\t\n<style>\n#gap-721230506 {\n  padding-top: 10px;\n}\n<\/style>\n\t<\/div>\n\t\r\n\r\n<div class=\"row align-middle\"  id=\"row-508101821\">\r\n\r\n\n\t<div id=\"col-689424595\" class=\"col medium-12 small-12 large-8\"  >\n\t\t\t\t<div class=\"col-inner\"  >\n\t\t\t\n\t\t\t\r\n\r\n\t<div id=\"text-3988611988\" class=\"text\">\n\t\t\r\n\r\n<p><span style=\"font-size: 75%;\"><strong>Kontaktieren Sie uns f\u00fcr detaillierte Informationen und einen Termin!<\/strong><\/span><\/p>\r\n\t\t\n<style>\n#text-3988611988 {\n  font-size: 1.25rem;\n  text-align: center;\n}\n@media (min-width:850px) {\n  #text-3988611988 {\n    font-size: 1.6rem;\n    text-align: left;\n  }\n}\n<\/style>\n\t<\/div>\n\t\r\n\r\n\t\t<\/div>\n\t\t\t\t\n<style>\n#col-689424595 > .col-inner {\n  padding: 20px 0px 0px 0px;\n  margin: 0px 0px -40px 0px;\n}\n@media (min-width:550px) {\n  #col-689424595 > .col-inner {\n    padding: 0px 0px 0px 0px;\n  }\n}\n<\/style>\n\t<\/div>\n\n\t\r\n\n\t<div id=\"col-1700062464\" class=\"col medium-4 small-12 large-4\"  >\n\t\t\t\t<div class=\"col-inner text-center\"  >\n\t\t\t\n\t\t\t\r\n\r\n<a href=\"https:\/\/api.whatsapp.com\/send?phone=905304151895\" class=\"button success is-shade is-small box-shadow-5\" style=\"border-radius:10px;padding:5px 20px 5px 20px;\" target=\"_blank\" rel=\"noopener\">\n\t\t<span>Kontakt \u00fcber WhatsApp<\/span>\n\t<i class=\"icon-whatsapp\" aria-hidden=\"true\" ><\/i><\/a>\n\r\n\r\n\t\t<\/div>\n\t\t\t\t\n<style>\n#col-1700062464 > .col-inner {\n  margin: 0px 0px -30px 0px;\n}\n<\/style>\n\t<\/div>\n\n\t\r\n\r\n<\/div>\r\n\r\n\t\t<\/div>\n\n\t\t\n<style>\n#section_722636766 {\n  padding-top: 0px;\n  padding-bottom: 0px;\n  background-color: #285ebe;\n}\n<\/style>\n\t<\/section>\n\t\r\n\n\n\t<section class=\"section\" id=\"section_452707664\">\n\t\t<div class=\"section-bg fill\" >\n\t\t\t\t\t\t\t\t\t\n\t\t\t\n\n\t\t<\/div>\n\n\t\t\n\n\t\t<div class=\"section-content relative\">\n\t\t\t\n<div class=\"row\"  id=\"row-1891812717\">\n\n\t<div id=\"col-1451791586\" class=\"col small-12 large-12\"  >\n\t\t\t\t<div class=\"col-inner\"  >\n\t\t\t\n\t\t\t\n<h2 class=\"accordion_title\">H\u00e4ufig gestellte Fragen<\/h2><div class=\"accordion\">\n\t<div id=\"accordion-2661645718\" class=\"accordion-item\">\n\t\t<a id=\"accordion-2661645718-label\" class=\"accordion-title plain\" href=\"#accordion-item-was-ist-achillessehnenentz\u00fcndung-und-wie-entsteht-sie?\" aria-expanded=\"false\" aria-controls=\"accordion-2661645718-content\" >\n\t\t\t<button class=\"toggle\" aria-label=\"Umschalten\"><i class=\"icon-angle-down\"><\/i><\/button>\n\t\t\t<h3 class=\"accordion-heading\" role=\"heading\" aria-level=\"3\">Was ist Achillessehnenentz\u00fcndung und wie entsteht sie?<\/h3>\n\t\t<\/a>\n\t\t<div id=\"accordion-2661645718-content\" class=\"accordion-inner\" aria-labelledby=\"accordion-2661645718-label\" >\n\t\t\t\n<p>Achillessehnenentz\u00fcndung ist die Entz\u00fcndung und Reizung der Achillessehne, die die Wadenmuskeln mit dem Fersenbein verbindet. Sie entwickelt sich meist durch \u00dcberbelastung, lang andauerndes Laufen oder Springen, pl\u00f6tzliche Steigerung der Trainingsintensit\u00e4t oder unzureichendes Aufw\u00e4rmen. Ungeeignetes Schuhwerk und sportliche Bet\u00e4tigung auf harten Untergr\u00fcnden erh\u00f6hen das Risiko zus\u00e4tzlich.<\/p>\n\t\t<\/div>\n\t<\/div>\n\t\n\t<div id=\"accordion-3924021866\" class=\"accordion-item\">\n\t\t<a id=\"accordion-3924021866-label\" class=\"accordion-title plain\" href=\"#accordion-item-was-sind-die-symptome-einer-achillessehnenentz\u00fcndung?\" aria-expanded=\"false\" aria-controls=\"accordion-3924021866-content\" >\n\t\t\t<button class=\"toggle\" aria-label=\"Umschalten\"><i class=\"icon-angle-down\"><\/i><\/button>\n\t\t\t<h3 class=\"accordion-heading\" role=\"heading\" aria-level=\"3\">Was sind die Symptome einer Achillessehnenentz\u00fcndung?<\/h3>\n\t\t<\/a>\n\t\t<div id=\"accordion-3924021866-content\" class=\"accordion-inner\" aria-labelledby=\"accordion-3924021866-label\" >\n\t\t\t\n<p>Schmerzen und Druckempfindlichkeit im Bereich zwischen Ferse und Wade, wo die Achillessehne verl\u00e4uft, sind die wichtigsten Symptome. Die Beschwerden sind oft morgens oder nach Ruhephasen st\u00e4rker, k\u00f6nnen sich mit Bewegung vor\u00fcbergehend bessern und sp\u00e4ter wieder zunehmen. Es k\u00f6nnen au\u00dferdem Schwellung, R\u00f6tung und gelegentlich eine Verdickung der Sehne auftreten.<\/p>\n\t\t<\/div>\n\t<\/div>\n\t\n\t<div id=\"accordion-3688378399\" class=\"accordion-item\">\n\t\t<a id=\"accordion-3688378399-label\" class=\"accordion-title plain\" href=\"#accordion-item-wie-wird-achillessehnenentz\u00fcndung-diagnostiziert?\" aria-expanded=\"false\" aria-controls=\"accordion-3688378399-content\" >\n\t\t\t<button class=\"toggle\" aria-label=\"Umschalten\"><i class=\"icon-angle-down\"><\/i><\/button>\n\t\t\t<h3 class=\"accordion-heading\" role=\"heading\" aria-level=\"3\">Wie wird Achillessehnenentz\u00fcndung diagnostiziert?<\/h3>\n\t\t<\/a>\n\t\t<div id=\"accordion-3688378399-content\" class=\"accordion-inner\" aria-labelledby=\"accordion-3688378399-label\" >\n\t\t\t\n<p>Die Diagnose st\u00fctzt sich in der Regel auf die Beschwerden des Patienten und die Befunde der k\u00f6rperlichen Untersuchung. Bei Bedarf werden Ultraschall oder Magnetresonanztomographie (MRT) eingesetzt, um den Zustand der Sehne zu beurteilen. R\u00f6ntgenaufnahmen helfen, kn\u00f6cherne Ver\u00e4nderungen zu erkennen.<\/p>\n\t\t<\/div>\n\t<\/div>\n\t\n\t<div id=\"accordion-178419374\" class=\"accordion-item\">\n\t\t<a id=\"accordion-178419374-label\" class=\"accordion-title plain\" href=\"#accordion-item-welche-methoden-werden-bei-der-behandlung-der-achillessehnenentz\u00fcndung-angewendet?\" aria-expanded=\"false\" aria-controls=\"accordion-178419374-content\" >\n\t\t\t<button class=\"toggle\" aria-label=\"Umschalten\"><i class=\"icon-angle-down\"><\/i><\/button>\n\t\t\t<h3 class=\"accordion-heading\" role=\"heading\" aria-level=\"3\">Welche Methoden werden bei der Behandlung der Achillessehnenentz\u00fcndung angewendet?<\/h3>\n\t\t<\/a>\n\t\t<div id=\"accordion-178419374-content\" class=\"accordion-inner\" aria-labelledby=\"accordion-178419374-label\" >\n\t\t\t\n<p>Die Behandlung besteht in erster Linie aus Ruhe, K\u00e4ltetherapie (Eis), geeignetem Schuhwerk und gegebenenfalls Fersenst\u00fctzen. Nichtsteroidale Antirheumatika k\u00f6nnen zur Linderung von Schmerzen und Schwellungen eingesetzt werden. Physiotherapie, Dehn- und Kr\u00e4ftigungs\u00fcbungen, Ultraschalltherapie und manuelle Techniken spielen eine wichtige Rolle. In therapieresistenten F\u00e4llen k\u00f6nnen PRP- oder Kortikosteroidinjektionen in Betracht gezogen werden.<\/p>\n\t\t<\/div>\n\t<\/div>\n\t\n\t<div id=\"accordion-671771997\" class=\"accordion-item\">\n\t\t<a id=\"accordion-671771997-label\" class=\"accordion-title plain\" href=\"#accordion-item-welche-bedeutung-haben-\u00dcbungen-bei-achillessehnenentz\u00fcndung?\" aria-expanded=\"false\" aria-controls=\"accordion-671771997-content\" >\n\t\t\t<button class=\"toggle\" aria-label=\"Umschalten\"><i class=\"icon-angle-down\"><\/i><\/button>\n\t\t\t<h3 class=\"accordion-heading\" role=\"heading\" aria-level=\"3\">Welche Bedeutung haben \u00dcbungen bei Achillessehnenentz\u00fcndung?<\/h3>\n\t\t<\/a>\n\t\t<div id=\"accordion-671771997-content\" class=\"accordion-inner\" aria-labelledby=\"accordion-671771997-label\" >\n\t\t\t\n<p>Dehn\u00fcbungen f\u00fcr die Achillessehne und Wadenmuskulatur, Kr\u00e4ftigungs\u00fcbungen und eine schrittweise Steigerung der Belastung beschleunigen den Heilungsprozess und verringern das Risiko eines R\u00fcckfalls. Die \u00dcbungen sollten regelm\u00e4\u00dfig und m\u00f6glichst unter Anleitung eines Physiotherapeuten durchgef\u00fchrt werden.<\/p>\n\t\t<\/div>\n\t<\/div>\n\t\n\t<div id=\"accordion-530503567\" class=\"accordion-item\">\n\t\t<a id=\"accordion-530503567-label\" class=\"accordion-title plain\" href=\"#accordion-item-kann-achillessehnenentz\u00fcndung-vollst\u00e4ndig-ausheilen?\" aria-expanded=\"false\" aria-controls=\"accordion-530503567-content\" >\n\t\t\t<button class=\"toggle\" aria-label=\"Umschalten\"><i class=\"icon-angle-down\"><\/i><\/button>\n\t\t\t<h3 class=\"accordion-heading\" role=\"heading\" aria-level=\"3\">Kann Achillessehnenentz\u00fcndung vollst\u00e4ndig ausheilen?<\/h3>\n\t\t<\/a>\n\t\t<div id=\"accordion-530503567-content\" class=\"accordion-inner\" aria-labelledby=\"accordion-530503567-label\" >\n\t\t\t\n<p>Bei angemessener Behandlung erholen sich die meisten Patienten mit Achillessehnenentz\u00fcndung vollst\u00e4ndig und k\u00f6nnen wieder schmerzfrei ihren Alltag bew\u00e4ltigen. Wird die Behandlung jedoch verz\u00f6gert, kann der Zustand chronisch werden und zu dauerhafter Verdickung oder Schw\u00e4chung der Sehne f\u00fchren.<\/p>\n\t\t<\/div>\n\t<\/div>\n\t\n\t<div id=\"accordion-1507735855\" class=\"accordion-item\">\n\t\t<a id=\"accordion-1507735855-label\" class=\"accordion-title plain\" href=\"#accordion-item-k\u00f6nnen-menschen-mit-achillessehnenentz\u00fcndung-sport-treiben?\" aria-expanded=\"false\" aria-controls=\"accordion-1507735855-content\" >\n\t\t\t<button class=\"toggle\" aria-label=\"Umschalten\"><i class=\"icon-angle-down\"><\/i><\/button>\n\t\t\t<h3 class=\"accordion-heading\" role=\"heading\" aria-level=\"3\">K\u00f6nnen Menschen mit Achillessehnenentz\u00fcndung Sport treiben?<\/h3>\n\t\t<\/a>\n\t\t<div id=\"accordion-1507735855-content\" class=\"accordion-inner\" aria-labelledby=\"accordion-1507735855-label\" >\n\t\t\t\n<p>In der akuten Phase ist es wichtig, auf Sport zu verzichten, bis Schmerzen und andere Symptome deutlich abgeklungen sind. Nach vollst\u00e4ndiger Genesung kann schrittweise wieder mit sportlicher Aktivit\u00e4t begonnen werden, wobei auf ausreichendes Aufw\u00e4rmen besonders zu achten ist. Dehn\u00fcbungen vor und nach der Belastung sollten nicht vernachl\u00e4ssigt werden.<\/p>\n\t\t<\/div>\n\t<\/div>\n\t\n\t<div id=\"accordion-3737766354\" class=\"accordion-item\">\n\t\t<a id=\"accordion-3737766354-label\" class=\"accordion-title plain\" href=\"#accordion-item-wie-l\u00e4sst-sich-achillessehnenentz\u00fcndung-vorbeugen?\" aria-expanded=\"false\" aria-controls=\"accordion-3737766354-content\" >\n\t\t\t<button class=\"toggle\" aria-label=\"Umschalten\"><i class=\"icon-angle-down\"><\/i><\/button>\n\t\t\t<h3 class=\"accordion-heading\" role=\"heading\" aria-level=\"3\">Wie l\u00e4sst sich Achillessehnenentz\u00fcndung vorbeugen?<\/h3>\n\t\t<\/a>\n\t\t<div id=\"accordion-3737766354-content\" class=\"accordion-inner\" aria-labelledby=\"accordion-3737766354-label\" >\n\t\t\t\n<p>Ausreichendes Aufw\u00e4rmen und Auslaufen, Vermeidung von \u00dcbertraining, das Tragen geeigneter Schuhe und Einlagen, das Meiden sehr harter Untergr\u00fcnde und regelm\u00e4\u00dfige Dehn- und Kr\u00e4ftigungs\u00fcbungen f\u00fcr die Wadenmuskulatur reduzieren das Risiko einer Achillessehnenentz\u00fcndung.<\/p>\n\t\t<\/div>\n\t<\/div>\n\t\n\t<div id=\"accordion-37975053\" class=\"accordion-item\">\n\t\t<a id=\"accordion-37975053-label\" class=\"accordion-title plain\" href=\"#accordion-item-was-ist-der-unterschied-zwischen-achillessehnenentz\u00fcndung-und-achillessehnenruptur?\" aria-expanded=\"false\" aria-controls=\"accordion-37975053-content\" >\n\t\t\t<button class=\"toggle\" aria-label=\"Umschalten\"><i class=\"icon-angle-down\"><\/i><\/button>\n\t\t\t<h3 class=\"accordion-heading\" role=\"heading\" aria-level=\"3\">Was ist der Unterschied zwischen Achillessehnenentz\u00fcndung und Achillessehnenruptur?<\/h3>\n\t\t<\/a>\n\t\t<div id=\"accordion-37975053-content\" class=\"accordion-inner\" aria-labelledby=\"accordion-37975053-label\" >\n\t\t\t\n<p>Achillessehnenentz\u00fcndung ist eine Entz\u00fcndung und Reizung der Sehne, w\u00e4hrend eine Achillessehnenruptur ein vollst\u00e4ndiger Riss ist, bei dem die Struktur der Sehne unterbrochen wird. Eine Ruptur tritt meist pl\u00f6tzlich mit starken Schmerzen auf, wohingegen sich die Achillessehnenentz\u00fcndung allm\u00e4hlich mit zunehmenden Beschwerden entwickelt.<\/p>\n\t\t<\/div>\n\t<\/div>\n\t\n\t<div id=\"accordion-155060322\" class=\"accordion-item\">\n\t\t<a id=\"accordion-155060322-label\" class=\"accordion-title plain\" href=\"#accordion-item-was-passiert,-wenn-achillessehnenentz\u00fcndung-nicht-behandelt-wird?\" aria-expanded=\"false\" aria-controls=\"accordion-155060322-content\" >\n\t\t\t<button class=\"toggle\" aria-label=\"Umschalten\"><i class=\"icon-angle-down\"><\/i><\/button>\n\t\t\t<h3 class=\"accordion-heading\" role=\"heading\" aria-level=\"3\">Was passiert, wenn Achillessehnenentz\u00fcndung nicht behandelt wird?<\/h3>\n\t\t<\/a>\n\t\t<div id=\"accordion-155060322-content\" class=\"accordion-inner\" aria-labelledby=\"accordion-155060322-label\" >\n\t\t\t\n<p>Unbehandelte Achillessehnenentz\u00fcndung kann chronisch werden und zu anhaltenden Schmerzen, eingeschr\u00e4nkter Beweglichkeit und schlie\u00dflich zu einer Schw\u00e4chung oder Ruptur der Sehne f\u00fchren. Daher sind fr\u00fchzeitige Diagnose und Behandlung von gro\u00dfer Bedeutung.<\/p>\n\t\t<\/div>\n\t<\/div>\n\t\n<\/div>\n\t\t<\/div>\n\t\t\t\t\t<\/div>\n\n\t\n<\/div>\n\t\t<\/div>\n\n\t\t\n<style>\n#section_452707664 {\n  padding-top: 30px;\n  padding-bottom: 30px;\n}\n<\/style>\n\t<\/section>\n\t\n\n\t<section class=\"section\" id=\"section_1889875257\">\n\t\t<div class=\"section-bg fill\" >\n\t\t\t\t\t\t\t\t\t\n\t\t\t\n\n\t\t<\/div>\n\n\t\t\n\n\t\t<div class=\"section-content relative\">\n\t\t\t\n<div class=\"row\"  id=\"row-1172403808\">\n\n\t<div id=\"col-1621222583\" class=\"col small-12 large-12\"  >\n\t\t\t\t<div class=\"col-inner\"  >\n\t\t\t\n\t\t\t\n\t<div id=\"text-3094392858\" class=\"text\">\n\t\t\n<h2>Blogbeitr\u00e4ge<\/h2>\n\t\t\n<style>\n#text-3094392858 {\n  font-size: 1.5rem;\n}\n@media (min-width:550px) {\n  #text-3094392858 {\n    font-size: 1rem;\n  }\n}\n<\/style>\n\t<\/div>\n\t\n\n  \n    <div class=\"row large-columns-3 medium-columns-1 small-columns-1 slider row-slider slider-nav-circle slider-nav-outside slider-nav-push\"  data-flickity-options='{&quot;imagesLoaded&quot;: true, &quot;groupCells&quot;: &quot;100%&quot;, &quot;dragThreshold&quot; : 5, &quot;cellAlign&quot;: &quot;left&quot;,&quot;wrapAround&quot;: true,&quot;prevNextButtons&quot;: true,&quot;percentPosition&quot;: true,&quot;pageDots&quot;: false, &quot;rightToLeft&quot;: false, &quot;autoPlay&quot; : false}' >\n\n  <div class=\"col post-item\" >\n\t\t\t<div class=\"col-inner\">\n\t\t\t\t<div class=\"box box-normal box-text-bottom box-blog-post has-hover\">\n            \t\t\t\t\t<div class=\"box-image\" >\n  \t\t\t\t\t\t<div class=\"image-cover\" style=\"padding-top:56.25%;\">\n\t\t\t\t\t\t\t<a href=\"https:\/\/www.drmuratdemirel.com\/de\/preise-fuer-kniegelenkersatzoperationen\/\" class=\"plain\" aria-label=\"Preise f\u00fcr Kniegelenkersatzoperationen\">\n\t\t\t\t\t\t\t\t<img decoding=\"async\" width=\"711\" height=\"400\" src=\"https:\/\/www.drmuratdemirel.com\/wp-content\/uploads\/2025\/08\/Diz-Protezi-Ameliyati-Fiyatlari-711x400.jpg\" class=\"attachment-medium size-medium wp-post-image\" alt=\"\" srcset=\"https:\/\/www.drmuratdemirel.com\/wp-content\/uploads\/2025\/08\/Diz-Protezi-Ameliyati-Fiyatlari-711x400.jpg 711w, https:\/\/www.drmuratdemirel.com\/wp-content\/uploads\/2025\/08\/Diz-Protezi-Ameliyati-Fiyatlari-1400x788.jpg 1400w, https:\/\/www.drmuratdemirel.com\/wp-content\/uploads\/2025\/08\/Diz-Protezi-Ameliyati-Fiyatlari-768x432.jpg 768w, https:\/\/www.drmuratdemirel.com\/wp-content\/uploads\/2025\/08\/Diz-Protezi-Ameliyati-Fiyatlari-1536x864.jpg 1536w, https:\/\/www.drmuratdemirel.com\/wp-content\/uploads\/2025\/08\/Diz-Protezi-Ameliyati-Fiyatlari.jpg 1600w\" sizes=\"(max-width: 711px) 100vw, 711px\" \/>\t\t\t\t\t\t\t<\/a>\n  \t\t\t\t\t\t\t  \t\t\t\t\t\t\t  \t\t\t\t\t\t<\/div>\n  \t\t\t\t\t\t  \t\t\t\t\t<\/div>\n          \t\t\t\t\t<div class=\"box-text text-center\" >\n\t\t\t\t\t<div class=\"box-text-inner blog-post-inner\">\n\n\t\t\t\t\t\n\t\t\t\t\t\t\t\t\t\t<h5 class=\"post-title is-large \">\n\t\t\t\t\t\t<a href=\"https:\/\/www.drmuratdemirel.com\/de\/preise-fuer-kniegelenkersatzoperationen\/\" class=\"plain\">Preise f\u00fcr Kniegelenkersatzoperationen<\/a>\n\t\t\t\t\t<\/h5>\n\t\t\t\t\t\t\t\t\t\t<div class=\"is-divider\"><\/div>\n\t\t\t\t\t\t\t\t\t\t<p class=\"from_the_blog_excerpt \">\n\t\t\t\t\t\tDie Kosten einer Knieprothesenoperation spiegeln den individuell auf jede:n Patient:in zugeschnittenen Behandlungsplan wider und bestehen [...]\t\t\t\t\t<\/p>\n\t\t\t\t\t                    \n\t\t\t\t\t\n\t\t\t\t\t\n\t\t\t\t\t<\/div>\n\t\t\t\t\t<\/div>\n\t\t\t\t\t\t\t\t\t\t\t\t\t\t\t\t<div class=\"badge absolute top post-date badge-outline\">\n\t\t\t\t\t\t\t<div class=\"badge-inner\">\n\t\t\t\t\t\t\t\t<span class=\"post-date-day\">18<\/span><br>\n\t\t\t\t\t\t\t\t<span class=\"post-date-month is-xsmall\">Aug.<\/span>\n\t\t\t\t\t\t\t<\/div>\n\t\t\t\t\t\t<\/div>\n\t\t\t\t\t\t\t\t\t<\/div>\n\t\t\t<\/div>\n\t\t<\/div><div class=\"col post-item\" >\n\t\t\t<div class=\"col-inner\">\n\t\t\t\t<div class=\"box box-normal box-text-bottom box-blog-post has-hover\">\n            \t\t\t\t\t<div class=\"box-image\" >\n  \t\t\t\t\t\t<div class=\"image-cover\" style=\"padding-top:56.25%;\">\n\t\t\t\t\t\t\t<a href=\"https:\/\/www.drmuratdemirel.com\/de\/preise-fuer-hueftgelenkersatzoperationen\/\" class=\"plain\" aria-label=\"Preise f\u00fcr H\u00fcftgelenkersatzoperationen\">\n\t\t\t\t\t\t\t\t<img decoding=\"async\" width=\"711\" height=\"400\" src=\"https:\/\/www.drmuratdemirel.com\/wp-content\/uploads\/2025\/08\/Kalca-Protezi-Ameliyati-Fiyatlari-711x400.jpg\" class=\"attachment-medium size-medium wp-post-image\" alt=\"\" srcset=\"https:\/\/www.drmuratdemirel.com\/wp-content\/uploads\/2025\/08\/Kalca-Protezi-Ameliyati-Fiyatlari-711x400.jpg 711w, https:\/\/www.drmuratdemirel.com\/wp-content\/uploads\/2025\/08\/Kalca-Protezi-Ameliyati-Fiyatlari-1400x788.jpg 1400w, https:\/\/www.drmuratdemirel.com\/wp-content\/uploads\/2025\/08\/Kalca-Protezi-Ameliyati-Fiyatlari-768x432.jpg 768w, https:\/\/www.drmuratdemirel.com\/wp-content\/uploads\/2025\/08\/Kalca-Protezi-Ameliyati-Fiyatlari-1536x864.jpg 1536w, https:\/\/www.drmuratdemirel.com\/wp-content\/uploads\/2025\/08\/Kalca-Protezi-Ameliyati-Fiyatlari.jpg 1600w\" sizes=\"(max-width: 711px) 100vw, 711px\" \/>\t\t\t\t\t\t\t<\/a>\n  \t\t\t\t\t\t\t  \t\t\t\t\t\t\t  \t\t\t\t\t\t<\/div>\n  \t\t\t\t\t\t  \t\t\t\t\t<\/div>\n          \t\t\t\t\t<div class=\"box-text text-center\" >\n\t\t\t\t\t<div class=\"box-text-inner blog-post-inner\">\n\n\t\t\t\t\t\n\t\t\t\t\t\t\t\t\t\t<h5 class=\"post-title is-large \">\n\t\t\t\t\t\t<a href=\"https:\/\/www.drmuratdemirel.com\/de\/preise-fuer-hueftgelenkersatzoperationen\/\" class=\"plain\">Preise f\u00fcr H\u00fcftgelenkersatzoperationen<\/a>\n\t\t\t\t\t<\/h5>\n\t\t\t\t\t\t\t\t\t\t<div class=\"is-divider\"><\/div>\n\t\t\t\t\t\t\t\t\t\t<p class=\"from_the_blog_excerpt \">\n\t\t\t\t\t\tDie Kosten einer H\u00fcftprothesenoperation werden von Faktoren wie der Erfahrung des\/der Chirurg:in, den Leistungen und [...]\t\t\t\t\t<\/p>\n\t\t\t\t\t                    \n\t\t\t\t\t\n\t\t\t\t\t\n\t\t\t\t\t<\/div>\n\t\t\t\t\t<\/div>\n\t\t\t\t\t\t\t\t\t\t\t\t\t\t\t\t<div class=\"badge absolute top post-date badge-outline\">\n\t\t\t\t\t\t\t<div class=\"badge-inner\">\n\t\t\t\t\t\t\t\t<span class=\"post-date-day\">18<\/span><br>\n\t\t\t\t\t\t\t\t<span class=\"post-date-month is-xsmall\">Aug.<\/span>\n\t\t\t\t\t\t\t<\/div>\n\t\t\t\t\t\t<\/div>\n\t\t\t\t\t\t\t\t\t<\/div>\n\t\t\t<\/div>\n\t\t<\/div><\/div>\n\t\t<\/div>\n\t\t\t\t\n<style>\n#col-1621222583 > .col-inner {\n  margin: 0px 0px -30px 0px;\n}\n<\/style>\n\t<\/div>\n\n\t\n<\/div>\n\t\t<\/div>\n\n\t\t\n<style>\n#section_1889875257 {\n  padding-top: 10px;\n  padding-bottom: 10px;\n}\n<\/style>\n\t<\/section>\n\t\n","protected":false},"excerpt":{"rendered":"","protected":false},"author":1,"featured_media":2433,"parent":2405,"menu_order":0,"comment_status":"closed","ping_status":"closed","template":"page-blank.php","meta":{"footnotes":""},"class_list":["post-2434","page","type-page","status-publish","has-post-thumbnail","hentry"],"_links":{"self":[{"href":"https:\/\/www.drmuratdemirel.com\/de\/wp-json\/wp\/v2\/pages\/2434","targetHints":{"allow":["GET"]}}],"collection":[{"href":"https:\/\/www.drmuratdemirel.com\/de\/wp-json\/wp\/v2\/pages"}],"about":[{"href":"https:\/\/www.drmuratdemirel.com\/de\/wp-json\/wp\/v2\/types\/page"}],"author":[{"embeddable":true,"href":"https:\/\/www.drmuratdemirel.com\/de\/wp-json\/wp\/v2\/users\/1"}],"replies":[{"embeddable":true,"href":"https:\/\/www.drmuratdemirel.com\/de\/wp-json\/wp\/v2\/comments?post=2434"}],"version-history":[{"count":3,"href":"https:\/\/www.drmuratdemirel.com\/de\/wp-json\/wp\/v2\/pages\/2434\/revisions"}],"predecessor-version":[{"id":2461,"href":"https:\/\/www.drmuratdemirel.com\/de\/wp-json\/wp\/v2\/pages\/2434\/revisions\/2461"}],"up":[{"embeddable":true,"href":"https:\/\/www.drmuratdemirel.com\/de\/wp-json\/wp\/v2\/pages\/2405"}],"wp:featuredmedia":[{"embeddable":true,"href":"https:\/\/www.drmuratdemirel.com\/de\/wp-json\/wp\/v2\/media\/2433"}],"wp:attachment":[{"href":"https:\/\/www.drmuratdemirel.com\/de\/wp-json\/wp\/v2\/media?parent=2434"}],"curies":[{"name":"wp","href":"https:\/\/api.w.org\/{rel}","templated":true}]}}